{"id":153,"date":"2017-10-17T16:14:30","date_gmt":"2017-10-17T13:14:30","guid":{"rendered":"http:\/\/mirvavittaniemi.com\/new\/?page_id=153"},"modified":"2024-11-20T20:50:42","modified_gmt":"2024-11-20T18:50:42","slug":"cv","status":"publish","type":"page","link":"https:\/\/mirart.fi\/?page_id=153","title":{"rendered":"CV"},"content":{"rendered":"<p><strong>MIRVA PALMUNEN (nee Vittaniemi)<\/strong><br \/>\nBorn: 29.01.1976, Vaasa Finland<br \/>\nLived: Vaasa (Finland), V\u00f6yri in Art residency (Finland),<br \/>\nCannes (France), \u00d6rebro (Sweden), Kalmar (Sweden), Montreal (Canada)<br \/>\nE-mail: mirvapalmunen(at)gmail(dot)com<\/p>\n<p>Website: <em>www.mirart.fi<br \/>\nPresentation video 30sek: https:\/\/youtu.be\/GyoXmktNjK4<br \/>\n<\/em><\/p>\n<p><strong>Profession<\/strong><br \/>\nFine art photographer and Art teacher<\/p>\n<p><strong>Membership<br \/>\n<\/strong>Union of Finnish art association<br \/>\nArtists&#8217; Association of Finland<br \/>\nPhotographic Artists Association<br \/>\nRegional Council of Ostrobothnia<br \/>\nAssociation of Vaasa Artist\u2019s Society<br \/>\nFilmverkstaden, association for analoque film and fotography Photography Association Ibis ry<br \/>\nAssociation of Art Teachers<\/p>\n<p><strong>Education (in field of Arts)<\/strong><br \/>\nSinging classes 11 years, Kuulaopisto Vaasa Finland, 2013-2024<br \/>\nAalto University, Open courses (10 study weeks), Vaasa Finland 2007-2010<br \/>\nCourses in croquis drawing, Arbis, Vaasa Finland 2006-2007<br \/>\nPhotography studies, Kalmar Open University, Kalmar Sweden 2005<br \/>\nArt Teacher, \u00d6rebro University and Kalmar Highschool, Kalmar Sweden 2000-2005<br \/>\nBachelor of Education in Physical Education, \u00d6rebro University 1999-2001<br \/>\nShowdance group Spliz, \u00d6rebro Sweden 2000-2002<br \/>\nBallet studies 9 years, Kuulaopisto Vaasa, Finland 1983-1992<\/p>\n<p><strong>Curated group exhibitions<\/strong><br \/>\n\u201dLuglio in Bologna\u201d, ArteBo, Bologna, Italy, 2024<br \/>\n\u201dYst\u00e4vyys\u201d, Galleria K, Vantaa Finland, 2023<br \/>\n\u201dNext ten years\u201d, Black Wall Gallery, Vaasa Finland 2022<br \/>\n\u201dProjected pictures\u201d, Rewell, Vaasa Finland 2020<br \/>\n\u201cOmakuva\u201d, Black Wall Gallery, Vaasa Finland 2019<br \/>\n\u201cNeroblanco\u201d, Black Wall Gallery, Vaasa Finland 2018<br \/>\n\u201dL\u00e4nsituulta\u201d, Sein\u00e4joki City Art Hall, Sein\u00e4joki Finland 2014<br \/>\n\u201dStilleben\u201d, Vaasa City Art Hall, Vaasa Finland 2012<br \/>\n\u201dM\u00f6ten\u201d, Photogallery Ibis, Vaasa Finland, 2008<br \/>\n\u201dHavet\u201d, Photogallery Ibis, Vaasa Finland 2007<\/p>\n<p><strong>Shared exhibitions<br \/>\n<\/strong>\u201dMuistoja ja mielikuvia\u201d, Vuokon galleria, Kaskinen Finland 2024<br \/>\n\u201dRed\u201d, Black Wall Gallery, Vaasa Finland 2023<br \/>\n\u201dRed\u201d, Black Wall Gallery, Vaasa Finland 2022<br \/>\n\u201cOpen doors\u201d, Photogallery Ibis, Vaasa Finland 2021<br \/>\n\u201dRed\u201d Black Wall Gallery, Vaasa Finland 2021<br \/>\n\u201cVaasan taiteilijaseuran yhteisn\u00e4yttely\u201d, Mustasaari library building, Mustasaari Finland 2020<br \/>\n\u201dNainen Suomessa\u201d, Black Wall Gallery, Vaasa Finland 2017<br \/>\n\u201dRed\u201d, Black Wall Gallery, Vaasa Finland 2016<br \/>\n\u201dAikuinen lapsi\u201d, Abramsg\u00e5rden, V\u00f6yri Finland 2016<br \/>\n\u201dRed\u201d, Black Wall Gallery, Vaasa Finland 2015<br \/>\n\u201cThe Sea within\u201d, Black Wall Gallery, Vaasa Finland 2015<br \/>\n\u201dAikuinen lapsi\u201d, Abramsg\u00e5rden, V\u00f6yri Finland 2015<br \/>\n\u201dRed\u201d, Black Wall Gallery, Vaasa Finland 2014<br \/>\n\u201dNice x-mas\u201d, Gallery Ulrico, Vaasa Finland 2014<br \/>\n\u201dSteget till det ok\u00e4nnande\u201d, Gallery Wasaborg, Vaasa Finland 2012<br \/>\n\u201dSyv\u00e4luotaus ihmiseen\u201d, Gallery Vuokon Galleria, Kaskinen Finland 2010<br \/>\n\u201dArt students Final examination\u201d, Atelj\u00e9 Torni, Vaasa Finland 2010<\/p>\n<p><strong>Solo exhibitions<br \/>\n<\/strong>\u201dKonstrundan window exhibition\u201d, Mir Art Ateljee, Vaasa, 2021<br \/>\n\u201dCovid-time life in Lithuania\u201d, Instagram &amp; Facebook, Lithuania 2021<br \/>\n\u201cKonstrundan pop-up exhibition\u201d, Mir Art Ateljee, Vaasa, 2020<br \/>\n\u201cWhere is the sea\u201d, Black Wall Gallery, Vaasa Finland 2019<br \/>\n\u201cIndia People\u201d, Gallery Varikko, Sein\u00e4joki Finland 2015<br \/>\n\u201c India People\u201d, Vaasa City Art Hall, Vaasa Finland 2013<br \/>\n\u201c Opening to the light\u201d, Cultur center Ritz, Vaasa Finland 2010<br \/>\n\u201cOpening to the light\u201d, Photogallery Ibis, Vaasa Finland 2009<br \/>\n\u201cBody and Soul\u201d, Wasayogacenter, Vaasa Finland 2008<br \/>\n\u201cBody and Soul\u201d, Photogallery Ibis, Vaasa Finland 2006<br \/>\n\u201cCaf\u00e9\u201d, Caf\u00e9 Griffintown, Montreal Canada 2005<br \/>\n\u201cSpirit of Yoga\u201d, Studio YogaPilates, Montreal Canada 2005<br \/>\n\u201cSpirit of Yoga\u201d, MAA, Montreal Canada 2004<br \/>\n\u201cBarnen och sn\u00f6\u201d, Bj\u00f6rken\u00e4s och T\u00e4ljstenen, Kalmar Sweden 2003<\/p>\n<p><strong>Displays, shortfilms and presentations<br \/>\n<\/strong>\u201dMirva Vittaniemi Konstrundan\u201d, Videopresentation of artistic work, Vaasa Finland 2020<br \/>\n\u201dP\u00e4\u00e4asia\u201d, Shortfilm with Dokkino, Vaasa Finland 2017<br \/>\n\u201dOpening to the light\u201d, Dans performance, Cultur center Ritz, Vaasa Finland 2010<br \/>\n\u201dOpeTET, Shortfilm, Jurvan Taiku\u201d, Shortfilm, Jurva Finland 2017<br \/>\n\u201dPhoto presentation\u201d, Vaasan Saskiat ry, Vaasa Finland 2006<\/p>\n<p><strong>Work as a Teacher<\/strong><br \/>\nTeacher, Photography and film, Merenkurkun koulu school, Vaasa Finland 2006-<br \/>\nArt Teacher, Merenkurkun koulu school, Vaasa Finland 2005-<br \/>\nArt Teacher, Variska school, Vaasa Finland 2005-2006<br \/>\nArt Teacher, Ringshyttans skola school, Nora Sverige 2001-2003<\/p>\n<p><strong>Responsibilities<\/strong><br \/>\nBoard of Association of Vaasa Artist\u2019s Society 2014-2016<br \/>\nBoard Member of Photogallery Ibis 2010 \u2013 2018<\/p>\n<p><strong>Publications<\/strong><br \/>\nPhotography for articles in magazines ET-lehti, Seura and Voi hyvin 2010-2012<br \/>\nInvitation card for curated group exhibition \u201dKohtaamisia \/ M\u00f6ten\u201d, Vaasa Finland 2008<\/p>\n<p><strong>Residencies<\/strong><br \/>\nResidency of The Artists\u2019 Association in Finland, Lohja Finland 2022<br \/>\nResidency of The Artists\u2019 Association in Finland, Bali Indonesia 2017<br \/>\nResidency of Society of Swedish literature in Finland, V\u00f6yri Finland 2014-2016<\/p>\n<p><strong>Grants<br \/>\n<\/strong>Vaasan Kaupunki 2024<br \/>\nSvenska \u00d6sterbottniska samfundet 2023 Pohjanmaan liitto 2023<br \/>\nPohjanmaan liitto 2019<br \/>\nVaasan kaupunki 2019<br \/>\nSvenska kultturfondet 2015<br \/>\nSvenska kultturfondet 2013<br \/>\nSvenska kultturfondet 2008<br \/>\nSvenska kultturfondet 2006<br \/>\nVaasan Saskiat ry 2006<\/p>\n","protected":false},"excerpt":{"rendered":"<p>MIRVA PALMUNEN (nee Vittaniemi) Born: 29.01.1976, Vaasa Finland Lived: Vaasa (Finland), V\u00f6yri in Art residency (Finland), Cannes (France), \u00d6rebro (Sweden),&hellip; <\/p>\n","protected":false},"author":1,"featured_media":0,"parent":0,"menu_order":0,"comment_status":"closed","ping_status":"closed","template":"page-templates\/gallery-template.php","meta":{"footnotes":""},"class_list":["post-153","page","type-page","status-publish","hentry"],"jetpack_sharing_enabled":true,"_links":{"self":[{"href":"https:\/\/mirart.fi\/index.php?rest_route=\/wp\/v2\/pages\/153","targetHints":{"allow":["GET"]}}],"collection":[{"href":"https:\/\/mirart.fi\/index.php?rest_route=\/wp\/v2\/pages"}],"about":[{"href":"https:\/\/mirart.fi\/index.php?rest_route=\/wp\/v2\/types\/page"}],"author":[{"embeddable":true,"href":"https:\/\/mirart.fi\/index.php?rest_route=\/wp\/v2\/users\/1"}],"replies":[{"embeddable":true,"href":"https:\/\/mirart.fi\/index.php?rest_route=%2Fwp%2Fv2%2Fcomments&post=153"}],"version-history":[{"count":27,"href":"https:\/\/mirart.fi\/index.php?rest_route=\/wp\/v2\/pages\/153\/revisions"}],"predecessor-version":[{"id":1047,"href":"https:\/\/mirart.fi\/index.php?rest_route=\/wp\/v2\/pages\/153\/revisions\/1047"}],"wp:attachment":[{"href":"https:\/\/mirart.fi\/index.php?rest_route=%2Fwp%2Fv2%2Fmedia&parent=153"}],"curies":[{"name":"wp","href":"https:\/\/api.w.org\/{rel}","templated":true}]}}